{"id":705,"date":"2024-01-03T22:39:13","date_gmt":"2024-01-03T22:39:13","guid":{"rendered":"https:\/\/www.botigablanquerna.com\/tienda-blanquerna\/"},"modified":"2026-02-10T09:41:42","modified_gmt":"2026-02-10T09:41:42","slug":"tienda-blanquerna","status":"publish","type":"page","link":"https:\/\/www.botigablanquerna.com\/es\/","title":{"rendered":"Tienda Blanquerna"},"content":{"rendered":"\t\t<div data-elementor-type=\"wp-page\" data-elementor-id=\"705\" class=\"elementor elementor-705 elementor-46\">\n\t\t\t\t<div class=\"elementor-element elementor-element-fd2fd8a e-con-full elementor-hidden-mobile e-grid e-con e-parent\" data-id=\"fd2fd8a\" data-element_type=\"container\" data-e-type=\"container\" data-settings=\"{&quot;background_background&quot;:&quot;slideshow&quot;,&quot;background_slideshow_gallery&quot;:[{&quot;id&quot;:1684,&quot;url&quot;:&quot;http:\\\/\\\/www.botigablanquerna.com\\\/wp-content\\\/uploads\\\/2025\\\/12\\\/benner-gorra-scaled-1.jpg&quot;},{&quot;id&quot;:1687,&quot;url&quot;:&quot;http:\\\/\\\/www.botigablanquerna.com\\\/wp-content\\\/uploads\\\/2025\\\/12\\\/Botella-scaled-1.jpg&quot;},{&quot;id&quot;:1690,&quot;url&quot;:&quot;http:\\\/\\\/www.botigablanquerna.com\\\/wp-content\\\/uploads\\\/2025\\\/12\\\/banner-graffiti.jpg&quot;},{&quot;id&quot;:1693,&quot;url&quot;:&quot;http:\\\/\\\/www.botigablanquerna.com\\\/wp-content\\\/uploads\\\/2025\\\/12\\\/Marina-y-chico-scaled-1.jpg&quot;}],&quot;background_slideshow_loop&quot;:&quot;yes&quot;,&quot;background_slideshow_slide_duration&quot;:5000,&quot;background_slideshow_slide_transition&quot;:&quot;fade&quot;,&quot;background_slideshow_transition_duration&quot;:500}\">\n\t\t\t\t<\/div>\n\t\t<div class=\"elementor-element elementor-element-551589e e-con-full elementor-hidden-desktop elementor-hidden-tablet e-flex e-con e-parent\" data-id=\"551589e\" data-element_type=\"container\" data-e-type=\"container\" data-settings=\"{&quot;background_background&quot;:&quot;slideshow&quot;,&quot;background_slideshow_gallery&quot;:[{&quot;id&quot;:656,&quot;url&quot;:&quot;http:\\\/\\\/www.botigablanquerna.com\\\/wp-content\\\/uploads\\\/2024\\\/02\\\/Botella-scaled.jpg&quot;},{&quot;id&quot;:654,&quot;url&quot;:&quot;http:\\\/\\\/www.botigablanquerna.com\\\/wp-content\\\/uploads\\\/2024\\\/02\\\/banner-graffiti.jpg&quot;},{&quot;id&quot;:652,&quot;url&quot;:&quot;http:\\\/\\\/www.botigablanquerna.com\\\/wp-content\\\/uploads\\\/2024\\\/02\\\/Marina-y-chico-scaled.jpg&quot;},{&quot;id&quot;:670,&quot;url&quot;:&quot;http:\\\/\\\/www.botigablanquerna.com\\\/wp-content\\\/uploads\\\/2024\\\/03\\\/benner-gorra-scaled.jpg&quot;}],&quot;background_slideshow_loop&quot;:&quot;yes&quot;,&quot;background_slideshow_slide_duration&quot;:5000,&quot;background_slideshow_slide_transition&quot;:&quot;fade&quot;,&quot;background_slideshow_transition_duration&quot;:500}\">\n\t\t\t\t<\/div>\n\t\t<div class=\"elementor-element elementor-element-7c50046 e-flex e-con-boxed e-con e-parent\" data-id=\"7c50046\" data-element_type=\"container\" data-e-type=\"container\">\n\t\t\t\t\t<div class=\"e-con-inner\">\n\t\t\t\t<div class=\"elementor-element elementor-element-b458f3c elementor-widget elementor-widget-spacer\" data-id=\"b458f3c\" data-element_type=\"widget\" data-e-type=\"widget\" data-widget_type=\"spacer.default\">\n\t\t\t\t<div class=\"elementor-widget-container\">\n\t\t\t\t\t\t\t<div class=\"elementor-spacer\">\n\t\t\t<div class=\"elementor-spacer-inner\"><\/div>\n\t\t<\/div>\n\t\t\t\t\t\t<\/div>\n\t\t\t\t<\/div>\n\t\t<!-- dce invisible element 2105e35 -->\t\t\t<\/div>\n\t\t\t\t<\/div>\n\t\t<div class=\"elementor-element elementor-element-7723ba2 e-flex e-con-boxed e-con e-parent\" data-id=\"7723ba2\" data-element_type=\"container\" data-e-type=\"container\">\n\t\t\t\t\t<div class=\"e-con-inner\">\n\t\t\t\t<div class=\"elementor-element elementor-element-ac686b5 elementor-hidden-desktop elementor-hidden-tablet elementor-hidden-mobile elementor-widget elementor-widget-image\" data-id=\"ac686b5\" data-element_type=\"widget\" data-e-type=\"widget\" data-widget_type=\"image.default\">\n\t\t\t\t<div class=\"elementor-widget-container\">\n\t\t\t\t\t\t\t\t\t\t\t\t\t\t\t<img fetchpriority=\"high\" decoding=\"async\" width=\"1536\" height=\"415\" src=\"https:\/\/www.botigablanquerna.com\/wp-content\/uploads\/2025\/07\/BANNER-BLANQUERNA-ESTIU-2025-vacances-ES-01-1536x415.png\" class=\"attachment-1536x1536 size-1536x1536 wp-image-1355\" alt=\"\" srcset=\"https:\/\/www.botigablanquerna.com\/wp-content\/uploads\/2025\/07\/BANNER-BLANQUERNA-ESTIU-2025-vacances-ES-01-1536x415.png 1536w, https:\/\/www.botigablanquerna.com\/wp-content\/uploads\/2025\/07\/BANNER-BLANQUERNA-ESTIU-2025-vacances-ES-01-300x81.png 300w, https:\/\/www.botigablanquerna.com\/wp-content\/uploads\/2025\/07\/BANNER-BLANQUERNA-ESTIU-2025-vacances-ES-01-1024x277.png 1024w, https:\/\/www.botigablanquerna.com\/wp-content\/uploads\/2025\/07\/BANNER-BLANQUERNA-ESTIU-2025-vacances-ES-01-768x207.png 768w, https:\/\/www.botigablanquerna.com\/wp-content\/uploads\/2025\/07\/BANNER-BLANQUERNA-ESTIU-2025-vacances-ES-01-2048x553.png 2048w, https:\/\/www.botigablanquerna.com\/wp-content\/uploads\/2025\/07\/BANNER-BLANQUERNA-ESTIU-2025-vacances-ES-01-600x162.png 600w\" sizes=\"(max-width: 1536px) 100vw, 1536px\" \/>\t\t\t\t\t\t\t\t\t\t\t\t\t\t\t<\/div>\n\t\t\t\t<\/div>\n\t\t\t\t\t<\/div>\n\t\t\t\t<\/div>\n\t\t<div class=\"elementor-element elementor-element-fd9d885 e-flex e-con-boxed e-con e-parent\" data-id=\"fd9d885\" data-element_type=\"container\" data-e-type=\"container\">\n\t\t\t\t\t<div class=\"e-con-inner\">\n\t\t\t\t<div class=\"elementor-element elementor-element-77b2d9d elementor-widget elementor-widget-heading\" data-id=\"77b2d9d\" data-element_type=\"widget\" data-e-type=\"widget\" data-widget_type=\"heading.default\">\n\t\t\t\t<div class=\"elementor-widget-container\">\n\t\t\t\t\t<h2 class=\"elementor-heading-title elementor-size-default\">Novedades<\/h2>\t\t\t\t<\/div>\n\t\t\t\t<\/div>\n\t\t\t\t<div class=\"elementor-element elementor-element-1c898d8 elementor-widget elementor-widget-woolentor-universal-product\" data-id=\"1c898d8\" data-element_type=\"widget\" data-e-type=\"widget\" data-widget_type=\"woolentor-universal-product.default\">\n\t\t\t\t<div class=\"elementor-widget-container\">\n\t\t\t\t\t            \n                            <div class=\"ht-row\">                    <div class=\"woolentor-product-same-height ht-products woocommerce product-slider\" dir=\"ltr\" data-settings='{\"arrows\":true,\"dots\":false,\"autoplay\":false,\"infinite\":true,\"autoplay_speed\":0,\"animation_speed\":0,\"pause_on_hover\":true,\"rtl\":false,\"product_items\":3,\"scroll_columns\":3,\"tablet_width\":750,\"tablet_display_columns\":2,\"tablet_scroll_columns\":2,\"mobile_width\":480,\"mobile_display_columns\":1,\"mobile_scroll_columns\":1}' style='display:none' >\n\n                        \n                            <!--Product Start-->\n                            <div class=\"ht-product mb-30 product ht-col-xs-12 ht-product-ratting-top-right ht-product-countdown-fill\">\n                                <div class=\"ht-product-inner\">\n\n                                    <div class=\"ht-product-image-wrap\">\n                                                                                <div class=\"ht-product-image\">\n                                                                                            <a href=\"https:\/\/www.botigablanquerna.com\/es\/producte\/bolsa-algodon-reciclado\/\"> \n                                                    <img decoding=\"async\" width=\"300\" height=\"300\" src=\"https:\/\/www.botigablanquerna.com\/wp-content\/uploads\/2024\/03\/BOSSA-COTO-BLANQUERNA_-300x300.png\" class=\"attachment-woocommerce_thumbnail size-woocommerce_thumbnail\" alt=\"Bolsa algod\u00f3n reciclado\" srcset=\"https:\/\/www.botigablanquerna.com\/wp-content\/uploads\/2024\/03\/BOSSA-COTO-BLANQUERNA_-300x300.png 300w, https:\/\/www.botigablanquerna.com\/wp-content\/uploads\/2024\/03\/BOSSA-COTO-BLANQUERNA_-1024x1024.png 1024w, https:\/\/www.botigablanquerna.com\/wp-content\/uploads\/2024\/03\/BOSSA-COTO-BLANQUERNA_-150x150.png 150w, https:\/\/www.botigablanquerna.com\/wp-content\/uploads\/2024\/03\/BOSSA-COTO-BLANQUERNA_-768x768.png 768w, https:\/\/www.botigablanquerna.com\/wp-content\/uploads\/2024\/03\/BOSSA-COTO-BLANQUERNA_-600x600.png 600w, https:\/\/www.botigablanquerna.com\/wp-content\/uploads\/2024\/03\/BOSSA-COTO-BLANQUERNA_-100x100.png 100w, https:\/\/www.botigablanquerna.com\/wp-content\/uploads\/2024\/03\/BOSSA-COTO-BLANQUERNA_.png 1080w\" sizes=\"(max-width: 300px) 100vw, 300px\" \/> \n                                                <\/a>\n                                            \n                                        <\/div>\n\n                                        \n                                        \n                                    <\/div>\n\n                                    <div class=\"ht-product-content\">\n                                        <div class=\"ht-product-content-inner\">\n                                            <div class=\"ht-product-categories\"><a href=\"https:\/\/www.botigablanquerna.com\/es\/c\/complementos\/\">Complementos<\/a><\/div>\n                                                                                        <h4 class='ht-product-title'><a href='https:\/\/www.botigablanquerna.com\/es\/producte\/bolsa-algodon-reciclado\/'>Bolsa algod\u00f3n reciclado<\/a><\/h4>                                                                                                                                    <div class=\"ht-product-price\">\n\t<span class=\"price\"><span class=\"woocommerce-Price-amount amount\"><bdi>3,65&nbsp;<span class=\"woocommerce-Price-currencySymbol\">&euro;<\/span><\/bdi><\/span><\/span>\n<\/div>\n                                                                                        <div class=\"ht-product-ratting-wrap\"><\/div>\n\n                                                                                    <\/div>\n                                                                            <\/div>\n\n                                <\/div>\n                            <\/div>\n                            <!--Product End-->\n\n                        \n                            <!--Product Start-->\n                            <div class=\"ht-product mb-30 product ht-col-xs-12 ht-product-ratting-top-right ht-product-countdown-fill\">\n                                <div class=\"ht-product-inner\">\n\n                                    <div class=\"ht-product-image-wrap\">\n                                                                                <div class=\"ht-product-image\">\n                                                                                            <a href=\"https:\/\/www.botigablanquerna.com\/es\/producte\/sudadera-granate\/\"> \n                                                    <img decoding=\"async\" width=\"300\" height=\"300\" src=\"https:\/\/www.botigablanquerna.com\/wp-content\/uploads\/2024\/03\/desseuadora-BLANQUERNA-wine-300x300.png\" class=\"attachment-woocommerce_thumbnail size-woocommerce_thumbnail\" alt=\"Sudadera granate\" srcset=\"https:\/\/www.botigablanquerna.com\/wp-content\/uploads\/2024\/03\/desseuadora-BLANQUERNA-wine-300x300.png 300w, https:\/\/www.botigablanquerna.com\/wp-content\/uploads\/2024\/03\/desseuadora-BLANQUERNA-wine-1024x1024.png 1024w, https:\/\/www.botigablanquerna.com\/wp-content\/uploads\/2024\/03\/desseuadora-BLANQUERNA-wine-150x150.png 150w, https:\/\/www.botigablanquerna.com\/wp-content\/uploads\/2024\/03\/desseuadora-BLANQUERNA-wine-768x768.png 768w, https:\/\/www.botigablanquerna.com\/wp-content\/uploads\/2024\/03\/desseuadora-BLANQUERNA-wine-600x600.png 600w, https:\/\/www.botigablanquerna.com\/wp-content\/uploads\/2024\/03\/desseuadora-BLANQUERNA-wine-100x100.png 100w, https:\/\/www.botigablanquerna.com\/wp-content\/uploads\/2024\/03\/desseuadora-BLANQUERNA-wine.png 1080w\" sizes=\"(max-width: 300px) 100vw, 300px\" \/> \n                                                <\/a>\n                                            \n                                        <\/div>\n\n                                        \n                                        \n                                    <\/div>\n\n                                    <div class=\"ht-product-content\">\n                                        <div class=\"ht-product-content-inner\">\n                                            <div class=\"ht-product-categories\"><a href=\"https:\/\/www.botigablanquerna.com\/es\/c\/textil-es\/\">Textil<\/a><\/div>\n                                                                                        <h4 class='ht-product-title'><a href='https:\/\/www.botigablanquerna.com\/es\/producte\/sudadera-granate\/'>Sudadera granate<\/a><\/h4>                                                                                                                                    <div class=\"ht-product-price\">\n\t<span class=\"price\"><span class=\"woocommerce-Price-amount amount\"><bdi>36,60&nbsp;<span class=\"woocommerce-Price-currencySymbol\">&euro;<\/span><\/bdi><\/span><\/span>\n<\/div>\n                                                                                        <div class=\"ht-product-ratting-wrap\"><\/div>\n\n                                                                                    <\/div>\n                                                                            <\/div>\n\n                                <\/div>\n                            <\/div>\n                            <!--Product End-->\n\n                        \n                            <!--Product Start-->\n                            <div class=\"ht-product mb-30 product ht-col-xs-12 ht-product-ratting-top-right ht-product-countdown-fill\">\n                                <div class=\"ht-product-inner\">\n\n                                    <div class=\"ht-product-image-wrap\">\n                                                                                <div class=\"ht-product-image\">\n                                                                                            <a href=\"https:\/\/www.botigablanquerna.com\/es\/producte\/funda-portatil\/\"> \n                                                    <img loading=\"lazy\" decoding=\"async\" width=\"300\" height=\"300\" src=\"https:\/\/www.botigablanquerna.com\/wp-content\/uploads\/2024\/03\/FUNDA-PC-BLANQUERNA_-300x300.png\" class=\"attachment-woocommerce_thumbnail size-woocommerce_thumbnail\" alt=\"Funda port\u00e1til\" srcset=\"https:\/\/www.botigablanquerna.com\/wp-content\/uploads\/2024\/03\/FUNDA-PC-BLANQUERNA_-300x300.png 300w, https:\/\/www.botigablanquerna.com\/wp-content\/uploads\/2024\/03\/FUNDA-PC-BLANQUERNA_-1024x1024.png 1024w, https:\/\/www.botigablanquerna.com\/wp-content\/uploads\/2024\/03\/FUNDA-PC-BLANQUERNA_-150x150.png 150w, https:\/\/www.botigablanquerna.com\/wp-content\/uploads\/2024\/03\/FUNDA-PC-BLANQUERNA_-768x768.png 768w, https:\/\/www.botigablanquerna.com\/wp-content\/uploads\/2024\/03\/FUNDA-PC-BLANQUERNA_-600x600.png 600w, https:\/\/www.botigablanquerna.com\/wp-content\/uploads\/2024\/03\/FUNDA-PC-BLANQUERNA_-100x100.png 100w, https:\/\/www.botigablanquerna.com\/wp-content\/uploads\/2024\/03\/FUNDA-PC-BLANQUERNA_.png 1080w\" sizes=\"(max-width: 300px) 100vw, 300px\" \/> \n                                                <\/a>\n                                            \n                                        <\/div>\n\n                                        \n                                        \n                                    <\/div>\n\n                                    <div class=\"ht-product-content\">\n                                        <div class=\"ht-product-content-inner\">\n                                            <div class=\"ht-product-categories\"><a href=\"https:\/\/www.botigablanquerna.com\/es\/c\/complementos\/\">Complementos<\/a><\/div>\n                                                                                        <h4 class='ht-product-title'><a href='https:\/\/www.botigablanquerna.com\/es\/producte\/funda-portatil\/'>Funda port\u00e1til<\/a><\/h4>                                                                                                                                    <div class=\"ht-product-price\">\n\t<span class=\"price\"><span class=\"woocommerce-Price-amount amount\"><bdi>19,60&nbsp;<span class=\"woocommerce-Price-currencySymbol\">&euro;<\/span><\/bdi><\/span><\/span>\n<\/div>\n                                                                                        <div class=\"ht-product-ratting-wrap\"><\/div>\n\n                                                                                    <\/div>\n                                                                            <\/div>\n\n                                <\/div>\n                            <\/div>\n                            <!--Product End-->\n\n                        \n                            <!--Product Start-->\n                            <div class=\"ht-product mb-30 product ht-col-xs-12 ht-product-ratting-top-right ht-product-countdown-fill\">\n                                <div class=\"ht-product-inner\">\n\n                                    <div class=\"ht-product-image-wrap\">\n                                                                                <div class=\"ht-product-image\">\n                                                                                            <a href=\"https:\/\/www.botigablanquerna.com\/es\/producte\/polo-tecnico-gris\/\"> \n                                                    <img loading=\"lazy\" decoding=\"async\" width=\"300\" height=\"300\" src=\"https:\/\/www.botigablanquerna.com\/wp-content\/uploads\/2024\/03\/POLO-TECNIC-BLANQUERNA_-300x300.png\" class=\"attachment-woocommerce_thumbnail size-woocommerce_thumbnail\" alt=\"Polo t\u00e9cnico gris\" srcset=\"https:\/\/www.botigablanquerna.com\/wp-content\/uploads\/2024\/03\/POLO-TECNIC-BLANQUERNA_-300x300.png 300w, https:\/\/www.botigablanquerna.com\/wp-content\/uploads\/2024\/03\/POLO-TECNIC-BLANQUERNA_-1024x1024.png 1024w, https:\/\/www.botigablanquerna.com\/wp-content\/uploads\/2024\/03\/POLO-TECNIC-BLANQUERNA_-150x150.png 150w, https:\/\/www.botigablanquerna.com\/wp-content\/uploads\/2024\/03\/POLO-TECNIC-BLANQUERNA_-768x768.png 768w, https:\/\/www.botigablanquerna.com\/wp-content\/uploads\/2024\/03\/POLO-TECNIC-BLANQUERNA_-600x600.png 600w, https:\/\/www.botigablanquerna.com\/wp-content\/uploads\/2024\/03\/POLO-TECNIC-BLANQUERNA_-100x100.png 100w, https:\/\/www.botigablanquerna.com\/wp-content\/uploads\/2024\/03\/POLO-TECNIC-BLANQUERNA_.png 1080w\" sizes=\"(max-width: 300px) 100vw, 300px\" \/> \n                                                <\/a>\n                                            \n                                        <\/div>\n\n                                        \n                                        \n                                    <\/div>\n\n                                    <div class=\"ht-product-content\">\n                                        <div class=\"ht-product-content-inner\">\n                                            <div class=\"ht-product-categories\"><a href=\"https:\/\/www.botigablanquerna.com\/es\/c\/textil-es\/\">Textil<\/a><\/div>\n                                                                                        <h4 class='ht-product-title'><a href='https:\/\/www.botigablanquerna.com\/es\/producte\/polo-tecnico-gris\/'>Polo t\u00e9cnico gris<\/a><\/h4>                                                                                                                                    <div class=\"ht-product-price\">\n\t<span class=\"price\"><span class=\"woocommerce-Price-amount amount\"><bdi>22,50&nbsp;<span class=\"woocommerce-Price-currencySymbol\">&euro;<\/span><\/bdi><\/span><\/span>\n<\/div>\n                                                                                        <div class=\"ht-product-ratting-wrap\"><\/div>\n\n                                                                                    <\/div>\n                                                                            <\/div>\n\n                                <\/div>\n                            <\/div>\n                            <!--Product End-->\n\n                        \n                            <!--Product Start-->\n                            <div class=\"ht-product mb-30 product ht-col-xs-12 ht-product-ratting-top-right ht-product-countdown-fill\">\n                                <div class=\"ht-product-inner\">\n\n                                    <div class=\"ht-product-image-wrap\">\n                                                                                <div class=\"ht-product-image\">\n                                                                                            <a href=\"https:\/\/www.botigablanquerna.com\/es\/producte\/mochila-de-cuerdas-blanca\/\"> \n                                                    <img loading=\"lazy\" decoding=\"async\" width=\"300\" height=\"300\" src=\"https:\/\/www.botigablanquerna.com\/wp-content\/uploads\/2024\/03\/MOTXILLA-CORDES-BLANQUERNA_-300x300.png\" class=\"attachment-woocommerce_thumbnail size-woocommerce_thumbnail\" alt=\"Mochila de cuerdas blanca\" srcset=\"https:\/\/www.botigablanquerna.com\/wp-content\/uploads\/2024\/03\/MOTXILLA-CORDES-BLANQUERNA_-300x300.png 300w, https:\/\/www.botigablanquerna.com\/wp-content\/uploads\/2024\/03\/MOTXILLA-CORDES-BLANQUERNA_-1024x1024.png 1024w, https:\/\/www.botigablanquerna.com\/wp-content\/uploads\/2024\/03\/MOTXILLA-CORDES-BLANQUERNA_-150x150.png 150w, https:\/\/www.botigablanquerna.com\/wp-content\/uploads\/2024\/03\/MOTXILLA-CORDES-BLANQUERNA_-768x768.png 768w, https:\/\/www.botigablanquerna.com\/wp-content\/uploads\/2024\/03\/MOTXILLA-CORDES-BLANQUERNA_-600x600.png 600w, https:\/\/www.botigablanquerna.com\/wp-content\/uploads\/2024\/03\/MOTXILLA-CORDES-BLANQUERNA_-100x100.png 100w, https:\/\/www.botigablanquerna.com\/wp-content\/uploads\/2024\/03\/MOTXILLA-CORDES-BLANQUERNA_.png 1080w\" sizes=\"(max-width: 300px) 100vw, 300px\" \/> \n                                                <\/a>\n                                            \n                                        <\/div>\n\n                                        \n                                        \n                                    <\/div>\n\n                                    <div class=\"ht-product-content\">\n                                        <div class=\"ht-product-content-inner\">\n                                            <div class=\"ht-product-categories\"><a href=\"https:\/\/www.botigablanquerna.com\/es\/c\/complementos\/\">Complementos<\/a><\/div>\n                                                                                        <h4 class='ht-product-title'><a href='https:\/\/www.botigablanquerna.com\/es\/producte\/mochila-de-cuerdas-blanca\/'>Mochila de cuerdas blanca<\/a><\/h4>                                                                                                                                    <div class=\"ht-product-price\">\n\t<span class=\"price\"><span class=\"woocommerce-Price-amount amount\"><bdi>3,50&nbsp;<span class=\"woocommerce-Price-currencySymbol\">&euro;<\/span><\/bdi><\/span><\/span>\n<\/div>\n                                                                                        <div class=\"ht-product-ratting-wrap\"><\/div>\n\n                                                                                    <\/div>\n                                                                            <\/div>\n\n                                <\/div>\n                            <\/div>\n                            <!--Product End-->\n\n                        \n                            <!--Product Start-->\n                            <div class=\"ht-product mb-30 product ht-col-xs-12 ht-product-ratting-top-right ht-product-countdown-fill\">\n                                <div class=\"ht-product-inner\">\n\n                                    <div class=\"ht-product-image-wrap\">\n                                                                                <div class=\"ht-product-image\">\n                                                                                            <a href=\"https:\/\/www.botigablanquerna.com\/es\/producte\/gorra-gris\/\"> \n                                                    <img loading=\"lazy\" decoding=\"async\" width=\"300\" height=\"300\" src=\"https:\/\/www.botigablanquerna.com\/wp-content\/uploads\/2024\/03\/GORRA-GRIS-BLANQUERNA_-300x300.png\" class=\"attachment-woocommerce_thumbnail size-woocommerce_thumbnail\" alt=\"Gorra gris\" srcset=\"https:\/\/www.botigablanquerna.com\/wp-content\/uploads\/2024\/03\/GORRA-GRIS-BLANQUERNA_-300x300.png 300w, https:\/\/www.botigablanquerna.com\/wp-content\/uploads\/2024\/03\/GORRA-GRIS-BLANQUERNA_-1024x1024.png 1024w, https:\/\/www.botigablanquerna.com\/wp-content\/uploads\/2024\/03\/GORRA-GRIS-BLANQUERNA_-150x150.png 150w, https:\/\/www.botigablanquerna.com\/wp-content\/uploads\/2024\/03\/GORRA-GRIS-BLANQUERNA_-768x768.png 768w, https:\/\/www.botigablanquerna.com\/wp-content\/uploads\/2024\/03\/GORRA-GRIS-BLANQUERNA_-600x600.png 600w, https:\/\/www.botigablanquerna.com\/wp-content\/uploads\/2024\/03\/GORRA-GRIS-BLANQUERNA_-100x100.png 100w, https:\/\/www.botigablanquerna.com\/wp-content\/uploads\/2024\/03\/GORRA-GRIS-BLANQUERNA_.png 1080w\" sizes=\"(max-width: 300px) 100vw, 300px\" \/> \n                                                <\/a>\n                                            \n                                        <\/div>\n\n                                        \n                                        \n                                    <\/div>\n\n                                    <div class=\"ht-product-content\">\n                                        <div class=\"ht-product-content-inner\">\n                                            <div class=\"ht-product-categories\"><a href=\"https:\/\/www.botigablanquerna.com\/es\/c\/textil-es\/\">Textil<\/a><\/div>\n                                                                                        <h4 class='ht-product-title'><a href='https:\/\/www.botigablanquerna.com\/es\/producte\/gorra-gris\/'>Gorra gris<\/a><\/h4>                                                                                                                                    <div class=\"ht-product-price\">\n\t<span class=\"price\"><span class=\"woocommerce-Price-amount amount\"><bdi>10,50&nbsp;<span class=\"woocommerce-Price-currencySymbol\">&euro;<\/span><\/bdi><\/span><\/span>\n<\/div>\n                                                                                        <div class=\"ht-product-ratting-wrap\"><\/div>\n\n                                                                                    <\/div>\n                                                                            <\/div>\n\n                                <\/div>\n                            <\/div>\n                            <!--Product End-->\n\n                        \n                            <!--Product Start-->\n                            <div class=\"ht-product mb-30 product ht-col-xs-12 ht-product-ratting-top-right ht-product-countdown-fill\">\n                                <div class=\"ht-product-inner\">\n\n                                    <div class=\"ht-product-image-wrap\">\n                                                                                <div class=\"ht-product-image\">\n                                                                                            <a href=\"https:\/\/www.botigablanquerna.com\/es\/producte\/bloque-de-notas-polipell-a5\/\"> \n                                                    <img loading=\"lazy\" decoding=\"async\" width=\"300\" height=\"300\" src=\"https:\/\/www.botigablanquerna.com\/wp-content\/uploads\/2024\/01\/llibreta-BLANQUERNA_-300x300.png\" class=\"attachment-woocommerce_thumbnail size-woocommerce_thumbnail\" alt=\"Bloque de notas Polipell A5\" srcset=\"https:\/\/www.botigablanquerna.com\/wp-content\/uploads\/2024\/01\/llibreta-BLANQUERNA_-300x300.png 300w, https:\/\/www.botigablanquerna.com\/wp-content\/uploads\/2024\/01\/llibreta-BLANQUERNA_-1024x1024.png 1024w, https:\/\/www.botigablanquerna.com\/wp-content\/uploads\/2024\/01\/llibreta-BLANQUERNA_-150x150.png 150w, https:\/\/www.botigablanquerna.com\/wp-content\/uploads\/2024\/01\/llibreta-BLANQUERNA_-768x768.png 768w, https:\/\/www.botigablanquerna.com\/wp-content\/uploads\/2024\/01\/llibreta-BLANQUERNA_-600x600.png 600w, https:\/\/www.botigablanquerna.com\/wp-content\/uploads\/2024\/01\/llibreta-BLANQUERNA_-100x100.png 100w, https:\/\/www.botigablanquerna.com\/wp-content\/uploads\/2024\/01\/llibreta-BLANQUERNA_.png 1080w\" sizes=\"(max-width: 300px) 100vw, 300px\" \/> \n                                                <\/a>\n                                            \n                                        <\/div>\n\n                                        \n                                        \n                                    <\/div>\n\n                                    <div class=\"ht-product-content\">\n                                        <div class=\"ht-product-content-inner\">\n                                            <div class=\"ht-product-categories\"><a href=\"https:\/\/www.botigablanquerna.com\/es\/c\/papeleria\/\">Papeler\u00eda<\/a><\/div>\n                                                                                        <h4 class='ht-product-title'><a href='https:\/\/www.botigablanquerna.com\/es\/producte\/bloque-de-notas-polipell-a5\/'>Bloque de notas Polipell A5<\/a><\/h4>                                                                                                                                    <div class=\"ht-product-price\">\n\t<span class=\"price\"><span class=\"woocommerce-Price-amount amount\"><bdi>3,50&nbsp;<span class=\"woocommerce-Price-currencySymbol\">&euro;<\/span><\/bdi><\/span><\/span>\n<\/div>\n                                                                                        <div class=\"ht-product-ratting-wrap\"><\/div>\n\n                                                                                    <\/div>\n                                                                            <\/div>\n\n                                <\/div>\n                            <\/div>\n                            <!--Product End-->\n\n                        \n                            <!--Product Start-->\n                            <div class=\"ht-product mb-30 product ht-col-xs-12 ht-product-ratting-top-right ht-product-countdown-fill\">\n                                <div class=\"ht-product-inner\">\n\n                                    <div class=\"ht-product-image-wrap\">\n                                                                                <div class=\"ht-product-image\">\n                                                                                            <a href=\"https:\/\/www.botigablanquerna.com\/es\/producte\/cortavientos\/\"> \n                                                    <img loading=\"lazy\" decoding=\"async\" width=\"300\" height=\"300\" src=\"https:\/\/www.botigablanquerna.com\/wp-content\/uploads\/2024\/01\/PARAVENTS-BLANQUERNA_-300x300.png\" class=\"attachment-woocommerce_thumbnail size-woocommerce_thumbnail\" alt=\"Cortavientos\" srcset=\"https:\/\/www.botigablanquerna.com\/wp-content\/uploads\/2024\/01\/PARAVENTS-BLANQUERNA_-300x300.png 300w, https:\/\/www.botigablanquerna.com\/wp-content\/uploads\/2024\/01\/PARAVENTS-BLANQUERNA_-1024x1024.png 1024w, https:\/\/www.botigablanquerna.com\/wp-content\/uploads\/2024\/01\/PARAVENTS-BLANQUERNA_-150x150.png 150w, https:\/\/www.botigablanquerna.com\/wp-content\/uploads\/2024\/01\/PARAVENTS-BLANQUERNA_-768x768.png 768w, https:\/\/www.botigablanquerna.com\/wp-content\/uploads\/2024\/01\/PARAVENTS-BLANQUERNA_-600x600.png 600w, https:\/\/www.botigablanquerna.com\/wp-content\/uploads\/2024\/01\/PARAVENTS-BLANQUERNA_-100x100.png 100w, https:\/\/www.botigablanquerna.com\/wp-content\/uploads\/2024\/01\/PARAVENTS-BLANQUERNA_.png 1080w\" sizes=\"(max-width: 300px) 100vw, 300px\" \/> \n                                                <\/a>\n                                            \n                                        <\/div>\n\n                                        \n                                        \n                                    <\/div>\n\n                                    <div class=\"ht-product-content\">\n                                        <div class=\"ht-product-content-inner\">\n                                            <div class=\"ht-product-categories\"><a href=\"https:\/\/www.botigablanquerna.com\/es\/c\/textil-es\/\">Textil<\/a><\/div>\n                                                                                        <h4 class='ht-product-title'><a href='https:\/\/www.botigablanquerna.com\/es\/producte\/cortavientos\/'>Cortavientos<\/a><\/h4>                                                                                                                                    <div class=\"ht-product-price\">\n\t<span class=\"price\"><span class=\"woocommerce-Price-amount amount\"><bdi>28,90&nbsp;<span class=\"woocommerce-Price-currencySymbol\">&euro;<\/span><\/bdi><\/span><\/span>\n<\/div>\n                                                                                        <div class=\"ht-product-ratting-wrap\"><\/div>\n\n                                                                                    <\/div>\n                                                                            <\/div>\n\n                                <\/div>\n                            <\/div>\n                            <!--Product End-->\n\n                        \n                            <!--Product Start-->\n                            <div class=\"ht-product mb-30 product ht-col-xs-12 ht-product-ratting-top-right ht-product-countdown-fill\">\n                                <div class=\"ht-product-inner\">\n\n                                    <div class=\"ht-product-image-wrap\">\n                                                                                <div class=\"ht-product-image\">\n                                                                                            <a href=\"https:\/\/www.botigablanquerna.com\/es\/producte\/taza-de-ceramica-350ml\/\"> \n                                                    <img loading=\"lazy\" decoding=\"async\" width=\"300\" height=\"300\" src=\"https:\/\/www.botigablanquerna.com\/wp-content\/uploads\/2024\/01\/taza-mate-lateral-CLIENTE-1-300x300.png\" class=\"attachment-woocommerce_thumbnail size-woocommerce_thumbnail\" alt=\"Taza de cer\u00e1mica 350ml\" srcset=\"https:\/\/www.botigablanquerna.com\/wp-content\/uploads\/2024\/01\/taza-mate-lateral-CLIENTE-1-300x300.png 300w, https:\/\/www.botigablanquerna.com\/wp-content\/uploads\/2024\/01\/taza-mate-lateral-CLIENTE-1-1024x1024.png 1024w, https:\/\/www.botigablanquerna.com\/wp-content\/uploads\/2024\/01\/taza-mate-lateral-CLIENTE-1-150x150.png 150w, https:\/\/www.botigablanquerna.com\/wp-content\/uploads\/2024\/01\/taza-mate-lateral-CLIENTE-1-768x768.png 768w, https:\/\/www.botigablanquerna.com\/wp-content\/uploads\/2024\/01\/taza-mate-lateral-CLIENTE-1-600x600.png 600w, https:\/\/www.botigablanquerna.com\/wp-content\/uploads\/2024\/01\/taza-mate-lateral-CLIENTE-1-100x100.png 100w, https:\/\/www.botigablanquerna.com\/wp-content\/uploads\/2024\/01\/taza-mate-lateral-CLIENTE-1.png 1080w\" sizes=\"(max-width: 300px) 100vw, 300px\" \/> \n                                                <\/a>\n                                            \n                                        <\/div>\n\n                                        \n                                        \n                                    <\/div>\n\n                                    <div class=\"ht-product-content\">\n                                        <div class=\"ht-product-content-inner\">\n                                            <div class=\"ht-product-categories\"><a href=\"https:\/\/www.botigablanquerna.com\/es\/c\/complementos\/\">Complementos<\/a><\/div>\n                                                                                        <h4 class='ht-product-title'><a href='https:\/\/www.botigablanquerna.com\/es\/producte\/taza-de-ceramica-350ml\/'>Taza de cer\u00e1mica 350ml<\/a><\/h4>                                                                                                                                    <div class=\"ht-product-price\">\n\t<span class=\"price\"><span class=\"woocommerce-Price-amount amount\"><bdi>9,00&nbsp;<span class=\"woocommerce-Price-currencySymbol\">&euro;<\/span><\/bdi><\/span><\/span>\n<\/div>\n                                                                                        <div class=\"ht-product-ratting-wrap\"><\/div>\n\n                                                                                    <\/div>\n                                                                            <\/div>\n\n                                <\/div>\n                            <\/div>\n                            <!--Product End-->\n\n                        \n                            <!--Product Start-->\n                            <div class=\"ht-product mb-30 product ht-col-xs-12 ht-product-ratting-top-right ht-product-countdown-fill\">\n                                <div class=\"ht-product-inner\">\n\n                                    <div class=\"ht-product-image-wrap\">\n                                                                                <div class=\"ht-product-image\">\n                                                                                            <a href=\"https:\/\/www.botigablanquerna.com\/es\/producte\/chaqueta-softshell-negra-eco\/\"> \n                                                    <img loading=\"lazy\" decoding=\"async\" width=\"300\" height=\"300\" src=\"https:\/\/www.botigablanquerna.com\/wp-content\/uploads\/2024\/01\/SOFTSHELL-NEGRA-BLANQUERNA-300x300.png\" class=\"attachment-woocommerce_thumbnail size-woocommerce_thumbnail\" alt=\"Chaqueta softshell negra ECO\" srcset=\"https:\/\/www.botigablanquerna.com\/wp-content\/uploads\/2024\/01\/SOFTSHELL-NEGRA-BLANQUERNA-300x300.png 300w, https:\/\/www.botigablanquerna.com\/wp-content\/uploads\/2024\/01\/SOFTSHELL-NEGRA-BLANQUERNA-1024x1024.png 1024w, https:\/\/www.botigablanquerna.com\/wp-content\/uploads\/2024\/01\/SOFTSHELL-NEGRA-BLANQUERNA-150x150.png 150w, https:\/\/www.botigablanquerna.com\/wp-content\/uploads\/2024\/01\/SOFTSHELL-NEGRA-BLANQUERNA-768x768.png 768w, https:\/\/www.botigablanquerna.com\/wp-content\/uploads\/2024\/01\/SOFTSHELL-NEGRA-BLANQUERNA-600x600.png 600w, https:\/\/www.botigablanquerna.com\/wp-content\/uploads\/2024\/01\/SOFTSHELL-NEGRA-BLANQUERNA-100x100.png 100w, https:\/\/www.botigablanquerna.com\/wp-content\/uploads\/2024\/01\/SOFTSHELL-NEGRA-BLANQUERNA.png 1080w\" sizes=\"(max-width: 300px) 100vw, 300px\" \/> \n                                                <\/a>\n                                            \n                                        <\/div>\n\n                                        \n                                        \n                                    <\/div>\n\n                                    <div class=\"ht-product-content\">\n                                        <div class=\"ht-product-content-inner\">\n                                            <div class=\"ht-product-categories\"><a href=\"https:\/\/www.botigablanquerna.com\/es\/c\/textil-es\/\">Textil<\/a><\/div>\n                                                                                        <h4 class='ht-product-title'><a href='https:\/\/www.botigablanquerna.com\/es\/producte\/chaqueta-softshell-negra-eco\/'>Chaqueta softshell negra ECO<\/a><\/h4>                                                                                                                                    <div class=\"ht-product-price\">\n\t<span class=\"price\"><span class=\"woocommerce-Price-amount amount\"><bdi>47,90&nbsp;<span class=\"woocommerce-Price-currencySymbol\">&euro;<\/span><\/bdi><\/span><\/span>\n<\/div>\n                                                                                        <div class=\"ht-product-ratting-wrap\"><\/div>\n\n                                                                                    <\/div>\n                                                                            <\/div>\n\n                                <\/div>\n                            <\/div>\n                            <!--Product End-->\n\n                        \n                            <!--Product Start-->\n                            <div class=\"ht-product mb-30 product ht-col-xs-12 ht-product-ratting-top-right ht-product-countdown-fill\">\n                                <div class=\"ht-product-inner\">\n\n                                    <div class=\"ht-product-image-wrap\">\n                                                                                <div class=\"ht-product-image\">\n                                                                                            <a href=\"https:\/\/www.botigablanquerna.com\/es\/producte\/camiseta-tecnica-coral\/\"> \n                                                    <img loading=\"lazy\" decoding=\"async\" width=\"300\" height=\"300\" src=\"https:\/\/www.botigablanquerna.com\/wp-content\/uploads\/2024\/01\/SAMARRETA-TECNICA_FRNT-BLANQUERNA-300x300.png\" class=\"attachment-woocommerce_thumbnail size-woocommerce_thumbnail\" alt=\"Camiseta t\u00e9cnica coral\" srcset=\"https:\/\/www.botigablanquerna.com\/wp-content\/uploads\/2024\/01\/SAMARRETA-TECNICA_FRNT-BLANQUERNA-300x300.png 300w, https:\/\/www.botigablanquerna.com\/wp-content\/uploads\/2024\/01\/SAMARRETA-TECNICA_FRNT-BLANQUERNA-1024x1024.png 1024w, https:\/\/www.botigablanquerna.com\/wp-content\/uploads\/2024\/01\/SAMARRETA-TECNICA_FRNT-BLANQUERNA-150x150.png 150w, https:\/\/www.botigablanquerna.com\/wp-content\/uploads\/2024\/01\/SAMARRETA-TECNICA_FRNT-BLANQUERNA-768x768.png 768w, https:\/\/www.botigablanquerna.com\/wp-content\/uploads\/2024\/01\/SAMARRETA-TECNICA_FRNT-BLANQUERNA-600x600.png 600w, https:\/\/www.botigablanquerna.com\/wp-content\/uploads\/2024\/01\/SAMARRETA-TECNICA_FRNT-BLANQUERNA-100x100.png 100w, https:\/\/www.botigablanquerna.com\/wp-content\/uploads\/2024\/01\/SAMARRETA-TECNICA_FRNT-BLANQUERNA.png 1080w\" sizes=\"(max-width: 300px) 100vw, 300px\" \/> \n                                                <\/a>\n                                            \n                                        <\/div>\n\n                                        \n                                        \n                                    <\/div>\n\n                                    <div class=\"ht-product-content\">\n                                        <div class=\"ht-product-content-inner\">\n                                            <div class=\"ht-product-categories\"><a href=\"https:\/\/www.botigablanquerna.com\/es\/c\/textil-es\/\">Textil<\/a><\/div>\n                                                                                        <h4 class='ht-product-title'><a href='https:\/\/www.botigablanquerna.com\/es\/producte\/camiseta-tecnica-coral\/'>Camiseta t\u00e9cnica coral<\/a><\/h4>                                                                                                                                    <div class=\"ht-product-price\">\n\t<span class=\"price\"><span class=\"woocommerce-Price-amount amount\"><bdi>16,00&nbsp;<span class=\"woocommerce-Price-currencySymbol\">&euro;<\/span><\/bdi><\/span><\/span>\n<\/div>\n                                                                                        <div class=\"ht-product-ratting-wrap\"><\/div>\n\n                                                                                    <\/div>\n                                                                            <\/div>\n\n                                <\/div>\n                            <\/div>\n                            <!--Product End-->\n\n                        \n                            <!--Product Start-->\n                            <div class=\"ht-product mb-30 product ht-col-xs-12 ht-product-ratting-top-right ht-product-countdown-fill\">\n                                <div class=\"ht-product-inner\">\n\n                                    <div class=\"ht-product-image-wrap\">\n                                                                                <div class=\"ht-product-image\">\n                                                                                            <a href=\"https:\/\/www.botigablanquerna.com\/es\/producte\/camiseta-blanca-eco\/\"> \n                                                    <img loading=\"lazy\" decoding=\"async\" width=\"300\" height=\"300\" src=\"https:\/\/www.botigablanquerna.com\/wp-content\/uploads\/2024\/01\/SAMARRETA-BLANCA-BLANQUERNA-300x300.png\" class=\"attachment-woocommerce_thumbnail size-woocommerce_thumbnail\" alt=\"Camiseta blanca ECO\" srcset=\"https:\/\/www.botigablanquerna.com\/wp-content\/uploads\/2024\/01\/SAMARRETA-BLANCA-BLANQUERNA-300x300.png 300w, https:\/\/www.botigablanquerna.com\/wp-content\/uploads\/2024\/01\/SAMARRETA-BLANCA-BLANQUERNA-1024x1024.png 1024w, https:\/\/www.botigablanquerna.com\/wp-content\/uploads\/2024\/01\/SAMARRETA-BLANCA-BLANQUERNA-150x150.png 150w, https:\/\/www.botigablanquerna.com\/wp-content\/uploads\/2024\/01\/SAMARRETA-BLANCA-BLANQUERNA-768x768.png 768w, https:\/\/www.botigablanquerna.com\/wp-content\/uploads\/2024\/01\/SAMARRETA-BLANCA-BLANQUERNA-600x600.png 600w, https:\/\/www.botigablanquerna.com\/wp-content\/uploads\/2024\/01\/SAMARRETA-BLANCA-BLANQUERNA-100x100.png 100w, https:\/\/www.botigablanquerna.com\/wp-content\/uploads\/2024\/01\/SAMARRETA-BLANCA-BLANQUERNA.png 1080w\" sizes=\"(max-width: 300px) 100vw, 300px\" \/> \n                                                <\/a>\n                                            \n                                        <\/div>\n\n                                        \n                                        \n                                    <\/div>\n\n                                    <div class=\"ht-product-content\">\n                                        <div class=\"ht-product-content-inner\">\n                                            <div class=\"ht-product-categories\"><a href=\"https:\/\/www.botigablanquerna.com\/es\/c\/textil-es\/\">Textil<\/a><\/div>\n                                                                                        <h4 class='ht-product-title'><a href='https:\/\/www.botigablanquerna.com\/es\/producte\/camiseta-blanca-eco\/'>Camiseta blanca ECO<\/a><\/h4>                                                                                                                                    <div class=\"ht-product-price\">\n\t<span class=\"price\"><span class=\"woocommerce-Price-amount amount\"><bdi>12,70&nbsp;<span class=\"woocommerce-Price-currencySymbol\">&euro;<\/span><\/bdi><\/span><\/span>\n<\/div>\n                                                                                        <div class=\"ht-product-ratting-wrap\"><\/div>\n\n                                                                                    <\/div>\n                                                                            <\/div>\n\n                                <\/div>\n                            <\/div>\n                            <!--Product End-->\n\n                        \n                            <!--Product Start-->\n                            <div class=\"ht-product mb-30 product ht-col-xs-12 ht-product-ratting-top-right ht-product-countdown-fill\">\n                                <div class=\"ht-product-inner\">\n\n                                    <div class=\"ht-product-image-wrap\">\n                                                                                <div class=\"ht-product-image\">\n                                                                                            <a href=\"https:\/\/www.botigablanquerna.com\/es\/producte\/vaso-termico-blanco-350-ml\/\"> \n                                                    <img loading=\"lazy\" decoding=\"async\" width=\"300\" height=\"300\" src=\"https:\/\/www.botigablanquerna.com\/wp-content\/uploads\/2024\/01\/GOT-TERMIC-BLANQUERNA2-300x300.png\" class=\"attachment-woocommerce_thumbnail size-woocommerce_thumbnail\" alt=\"Vaso t\u00e9rmico blanco - 350 ml\" srcset=\"https:\/\/www.botigablanquerna.com\/wp-content\/uploads\/2024\/01\/GOT-TERMIC-BLANQUERNA2-300x300.png 300w, https:\/\/www.botigablanquerna.com\/wp-content\/uploads\/2024\/01\/GOT-TERMIC-BLANQUERNA2-1024x1024.png 1024w, https:\/\/www.botigablanquerna.com\/wp-content\/uploads\/2024\/01\/GOT-TERMIC-BLANQUERNA2-150x150.png 150w, https:\/\/www.botigablanquerna.com\/wp-content\/uploads\/2024\/01\/GOT-TERMIC-BLANQUERNA2-768x768.png 768w, https:\/\/www.botigablanquerna.com\/wp-content\/uploads\/2024\/01\/GOT-TERMIC-BLANQUERNA2-600x600.png 600w, https:\/\/www.botigablanquerna.com\/wp-content\/uploads\/2024\/01\/GOT-TERMIC-BLANQUERNA2-100x100.png 100w, https:\/\/www.botigablanquerna.com\/wp-content\/uploads\/2024\/01\/GOT-TERMIC-BLANQUERNA2.png 1080w\" sizes=\"(max-width: 300px) 100vw, 300px\" \/> \n                                                <\/a>\n                                            \n                                        <\/div>\n\n                                        \n                                        \n                                    <\/div>\n\n                                    <div class=\"ht-product-content\">\n                                        <div class=\"ht-product-content-inner\">\n                                            <div class=\"ht-product-categories\"><a href=\"https:\/\/www.botigablanquerna.com\/es\/c\/complementos\/\">Complementos<\/a><\/div>\n                                                                                        <h4 class='ht-product-title'><a href='https:\/\/www.botigablanquerna.com\/es\/producte\/vaso-termico-blanco-350-ml\/'>Vaso t\u00e9rmico blanco &#8211; 350 ml<\/a><\/h4>                                                                                                                                    <div class=\"ht-product-price\">\n\t<span class=\"price\"><span class=\"woocommerce-Price-amount amount\"><bdi>17,00&nbsp;<span class=\"woocommerce-Price-currencySymbol\">&euro;<\/span><\/bdi><\/span><\/span>\n<\/div>\n                                                                                        <div class=\"ht-product-ratting-wrap\"><\/div>\n\n                                                                                    <\/div>\n                                                                            <\/div>\n\n                                <\/div>\n                            <\/div>\n                            <!--Product End-->\n\n                        \n                            <!--Product Start-->\n                            <div class=\"ht-product mb-30 product ht-col-xs-12 ht-product-ratting-top-right ht-product-countdown-fill\">\n                                <div class=\"ht-product-inner\">\n\n                                    <div class=\"ht-product-image-wrap\">\n                                                                                <div class=\"ht-product-image\">\n                                                                                            <a href=\"https:\/\/www.botigablanquerna.com\/es\/producte\/sudadera-gris-eco\/\"> \n                                                    <img loading=\"lazy\" decoding=\"async\" width=\"300\" height=\"300\" src=\"https:\/\/www.botigablanquerna.com\/wp-content\/uploads\/2024\/01\/DESSUADORA-GRIS-BLANQUERNA-300x300.png\" class=\"attachment-woocommerce_thumbnail size-woocommerce_thumbnail\" alt=\"Sudadera gris ECO\" srcset=\"https:\/\/www.botigablanquerna.com\/wp-content\/uploads\/2024\/01\/DESSUADORA-GRIS-BLANQUERNA-300x300.png 300w, https:\/\/www.botigablanquerna.com\/wp-content\/uploads\/2024\/01\/DESSUADORA-GRIS-BLANQUERNA-1024x1024.png 1024w, https:\/\/www.botigablanquerna.com\/wp-content\/uploads\/2024\/01\/DESSUADORA-GRIS-BLANQUERNA-150x150.png 150w, https:\/\/www.botigablanquerna.com\/wp-content\/uploads\/2024\/01\/DESSUADORA-GRIS-BLANQUERNA-768x768.png 768w, https:\/\/www.botigablanquerna.com\/wp-content\/uploads\/2024\/01\/DESSUADORA-GRIS-BLANQUERNA-600x600.png 600w, https:\/\/www.botigablanquerna.com\/wp-content\/uploads\/2024\/01\/DESSUADORA-GRIS-BLANQUERNA-100x100.png 100w, https:\/\/www.botigablanquerna.com\/wp-content\/uploads\/2024\/01\/DESSUADORA-GRIS-BLANQUERNA.png 1080w\" sizes=\"(max-width: 300px) 100vw, 300px\" \/> \n                                                <\/a>\n                                            \n                                        <\/div>\n\n                                        \n                                        \n                                    <\/div>\n\n                                    <div class=\"ht-product-content\">\n                                        <div class=\"ht-product-content-inner\">\n                                            <div class=\"ht-product-categories\"><a href=\"https:\/\/www.botigablanquerna.com\/es\/c\/textil-es\/\">Textil<\/a><\/div>\n                                                                                        <h4 class='ht-product-title'><a href='https:\/\/www.botigablanquerna.com\/es\/producte\/sudadera-gris-eco\/'>Sudadera gris ECO<\/a><\/h4>                                                                                                                                    <div class=\"ht-product-price\">\n\t<span class=\"price\"><span class=\"woocommerce-Price-amount amount\"><bdi>36,60&nbsp;<span class=\"woocommerce-Price-currencySymbol\">&euro;<\/span><\/bdi><\/span><\/span>\n<\/div>\n                                                                                        <div class=\"ht-product-ratting-wrap\"><\/div>\n\n                                                                                    <\/div>\n                                                                            <\/div>\n\n                                <\/div>\n                            <\/div>\n                            <!--Product End-->\n\n                        \n                            <!--Product Start-->\n                            <div class=\"ht-product mb-30 product ht-col-xs-12 ht-product-ratting-top-right ht-product-countdown-fill\">\n                                <div class=\"ht-product-inner\">\n\n                                    <div class=\"ht-product-image-wrap\">\n                                                                                <div class=\"ht-product-image\">\n                                                                                            <a href=\"https:\/\/www.botigablanquerna.com\/es\/producte\/ampolla-blanca-de-acero-inoxidable-reciclable-500-ml\/\"> \n                                                    <img loading=\"lazy\" decoding=\"async\" width=\"300\" height=\"300\" src=\"https:\/\/www.botigablanquerna.com\/wp-content\/uploads\/2024\/01\/BIDO-AIGUA-BLANQUERNA3-300x300.png\" class=\"attachment-woocommerce_thumbnail size-woocommerce_thumbnail\" alt=\"Ampolla blanca de acero inoxidable reciclable - 500 ml\" srcset=\"https:\/\/www.botigablanquerna.com\/wp-content\/uploads\/2024\/01\/BIDO-AIGUA-BLANQUERNA3-300x300.png 300w, https:\/\/www.botigablanquerna.com\/wp-content\/uploads\/2024\/01\/BIDO-AIGUA-BLANQUERNA3-1024x1024.png 1024w, https:\/\/www.botigablanquerna.com\/wp-content\/uploads\/2024\/01\/BIDO-AIGUA-BLANQUERNA3-150x150.png 150w, https:\/\/www.botigablanquerna.com\/wp-content\/uploads\/2024\/01\/BIDO-AIGUA-BLANQUERNA3-768x768.png 768w, https:\/\/www.botigablanquerna.com\/wp-content\/uploads\/2024\/01\/BIDO-AIGUA-BLANQUERNA3-600x600.png 600w, https:\/\/www.botigablanquerna.com\/wp-content\/uploads\/2024\/01\/BIDO-AIGUA-BLANQUERNA3-100x100.png 100w, https:\/\/www.botigablanquerna.com\/wp-content\/uploads\/2024\/01\/BIDO-AIGUA-BLANQUERNA3.png 1080w\" sizes=\"(max-width: 300px) 100vw, 300px\" \/> \n                                                <\/a>\n                                            \n                                        <\/div>\n\n                                        \n                                        \n                                    <\/div>\n\n                                    <div class=\"ht-product-content\">\n                                        <div class=\"ht-product-content-inner\">\n                                            <div class=\"ht-product-categories\"><a href=\"https:\/\/www.botigablanquerna.com\/es\/c\/complementos\/\">Complementos<\/a><\/div>\n                                                                                        <h4 class='ht-product-title'><a href='https:\/\/www.botigablanquerna.com\/es\/producte\/ampolla-blanca-de-acero-inoxidable-reciclable-500-ml\/'>Ampolla blanca de acero inoxidable reciclable &#8211; 500 ml<\/a><\/h4>                                                                                                                                    <div class=\"ht-product-price\">\n\t<span class=\"price\"><span class=\"woocommerce-Price-amount amount\"><bdi>15,00&nbsp;<span class=\"woocommerce-Price-currencySymbol\">&euro;<\/span><\/bdi><\/span><\/span>\n<\/div>\n                                                                                        <div class=\"ht-product-ratting-wrap\"><\/div>\n\n                                                                                    <\/div>\n                                                                            <\/div>\n\n                                <\/div>\n                            <\/div>\n                            <!--Product End-->\n\n                                            <\/div>\n                <\/div>            \n            \n        \t\t\t\t<\/div>\n\t\t\t\t<\/div>\n\t\t\t\t\t<\/div>\n\t\t\t\t<\/div>\n\t\t<div class=\"elementor-element elementor-element-b022ce2 e-flex e-con-boxed e-con e-parent\" data-id=\"b022ce2\" data-element_type=\"container\" data-e-type=\"container\" data-settings=\"{&quot;background_background&quot;:&quot;classic&quot;}\">\n\t\t\t\t\t<div class=\"e-con-inner\">\n\t\t\t\t<div class=\"elementor-element elementor-element-3a8d9c8 elementor-widget elementor-widget-heading\" data-id=\"3a8d9c8\" data-element_type=\"widget\" data-e-type=\"widget\" data-widget_type=\"heading.default\">\n\t\t\t\t<div class=\"elementor-widget-container\">\n\t\t\t\t\t<h2 class=\"elementor-heading-title elementor-size-default\">Mira nuestra selecci\u00f3n de productos Blanquerna:<\/h2>\t\t\t\t<\/div>\n\t\t\t\t<\/div>\n\t\t\t\t\t<\/div>\n\t\t\t\t<\/div>\n\t\t<div class=\"elementor-element elementor-element-e291cfc e-con-full e-flex e-con e-parent\" data-id=\"e291cfc\" data-element_type=\"container\" data-e-type=\"container\" data-settings=\"{&quot;background_background&quot;:&quot;classic&quot;}\">\n\t\t\t\t<div class=\"elementor-element elementor-element-4a984d2 elementor-align-center elementor-widget__width-auto elementor-widget elementor-widget-button\" data-id=\"4a984d2\" data-element_type=\"widget\" data-e-type=\"widget\" data-widget_type=\"button.default\">\n\t\t\t\t<div class=\"elementor-widget-container\">\n\t\t\t\t\t\t\t\t\t<div class=\"elementor-button-wrapper\">\n\t\t\t\t\t<a class=\"elementor-button elementor-button-link elementor-size-lg\" href=\"https:\/\/www.botigablanquerna.com\/c\/textil\/\">\n\t\t\t\t\t\t<span class=\"elementor-button-content-wrapper\">\n\t\t\t\t\t\t<span class=\"elementor-button-icon\">\n\t\t\t\t<svg aria-hidden=\"true\" class=\"e-font-icon-svg e-fas-arrow-right\" viewBox=\"0 0 448 512\" xmlns=\"http:\/\/www.w3.org\/2000\/svg\"><path d=\"M190.5 66.9l22.2-22.2c9.4-9.4 24.6-9.4 33.9 0L441 239c9.4 9.4 9.4 24.6 0 33.9L246.6 467.3c-9.4 9.4-24.6 9.4-33.9 0l-22.2-22.2c-9.5-9.5-9.3-25 .4-34.3L311.4 296H24c-13.3 0-24-10.7-24-24v-32c0-13.3 10.7-24 24-24h287.4L190.9 101.2c-9.8-9.3-10-24.8-.4-34.3z\"><\/path><\/svg>\t\t\t<\/span>\n\t\t\t\t\t\t\t\t\t<span class=\"elementor-button-text\">Textil<\/span>\n\t\t\t\t\t<\/span>\n\t\t\t\t\t<\/a>\n\t\t\t\t<\/div>\n\t\t\t\t\t\t\t\t<\/div>\n\t\t\t\t<\/div>\n\t\t\t\t<div class=\"elementor-element elementor-element-2b26117 elementor-align-center elementor-widget__width-auto elementor-widget elementor-widget-button\" data-id=\"2b26117\" data-element_type=\"widget\" data-e-type=\"widget\" data-widget_type=\"button.default\">\n\t\t\t\t<div class=\"elementor-widget-container\">\n\t\t\t\t\t\t\t\t\t<div class=\"elementor-button-wrapper\">\n\t\t\t\t\t<a class=\"elementor-button elementor-button-link elementor-size-lg\" href=\"https:\/\/www.botigablanquerna.com\/c\/papereria\/\">\n\t\t\t\t\t\t<span class=\"elementor-button-content-wrapper\">\n\t\t\t\t\t\t<span class=\"elementor-button-icon\">\n\t\t\t\t<svg aria-hidden=\"true\" class=\"e-font-icon-svg e-fas-arrow-right\" viewBox=\"0 0 448 512\" xmlns=\"http:\/\/www.w3.org\/2000\/svg\"><path d=\"M190.5 66.9l22.2-22.2c9.4-9.4 24.6-9.4 33.9 0L441 239c9.4 9.4 9.4 24.6 0 33.9L246.6 467.3c-9.4 9.4-24.6 9.4-33.9 0l-22.2-22.2c-9.5-9.5-9.3-25 .4-34.3L311.4 296H24c-13.3 0-24-10.7-24-24v-32c0-13.3 10.7-24 24-24h287.4L190.9 101.2c-9.8-9.3-10-24.8-.4-34.3z\"><\/path><\/svg>\t\t\t<\/span>\n\t\t\t\t\t\t\t\t\t<span class=\"elementor-button-text\">Papeler\u00eda<\/span>\n\t\t\t\t\t<\/span>\n\t\t\t\t\t<\/a>\n\t\t\t\t<\/div>\n\t\t\t\t\t\t\t\t<\/div>\n\t\t\t\t<\/div>\n\t\t\t\t<div class=\"elementor-element elementor-element-9e95b14 elementor-widget elementor-widget-button\" data-id=\"9e95b14\" data-element_type=\"widget\" data-e-type=\"widget\" data-widget_type=\"button.default\">\n\t\t\t\t<div class=\"elementor-widget-container\">\n\t\t\t\t\t\t\t\t\t<div class=\"elementor-button-wrapper\">\n\t\t\t\t\t<a class=\"elementor-button elementor-button-link elementor-size-lg\" href=\"https:\/\/www.botigablanquerna.com\/c\/complements\/\">\n\t\t\t\t\t\t<span class=\"elementor-button-content-wrapper\">\n\t\t\t\t\t\t<span class=\"elementor-button-icon\">\n\t\t\t\t<svg aria-hidden=\"true\" class=\"e-font-icon-svg e-fas-arrow-right\" viewBox=\"0 0 448 512\" xmlns=\"http:\/\/www.w3.org\/2000\/svg\"><path d=\"M190.5 66.9l22.2-22.2c9.4-9.4 24.6-9.4 33.9 0L441 239c9.4 9.4 9.4 24.6 0 33.9L246.6 467.3c-9.4 9.4-24.6 9.4-33.9 0l-22.2-22.2c-9.5-9.5-9.3-25 .4-34.3L311.4 296H24c-13.3 0-24-10.7-24-24v-32c0-13.3 10.7-24 24-24h287.4L190.9 101.2c-9.8-9.3-10-24.8-.4-34.3z\"><\/path><\/svg>\t\t\t<\/span>\n\t\t\t\t\t\t\t\t\t<span class=\"elementor-button-text\">Complementos<\/span>\n\t\t\t\t\t<\/span>\n\t\t\t\t\t<\/a>\n\t\t\t\t<\/div>\n\t\t\t\t\t\t\t\t<\/div>\n\t\t\t\t<\/div>\n\t\t\t\t<\/div>\n\t\t<div class=\"elementor-element elementor-element-ef55e5e e-flex e-con-boxed e-con e-parent\" data-id=\"ef55e5e\" data-element_type=\"container\" data-e-type=\"container\" data-settings=\"{&quot;background_background&quot;:&quot;classic&quot;}\">\n\t\t\t\t\t<div class=\"e-con-inner\">\n\t\t<div class=\"elementor-element elementor-element-267db09 e-con-full e-flex e-con e-child\" data-id=\"267db09\" data-element_type=\"container\" data-e-type=\"container\">\n\t\t\t\t<div class=\"elementor-element elementor-element-1d45967 elementor-view-default elementor-position-block-start elementor-mobile-position-block-start elementor-widget elementor-widget-icon-box\" data-id=\"1d45967\" data-element_type=\"widget\" data-e-type=\"widget\" data-widget_type=\"icon-box.default\">\n\t\t\t\t<div class=\"elementor-widget-container\">\n\t\t\t\t\t\t\t<div class=\"elementor-icon-box-wrapper\">\n\n\t\t\t\t\t\t<div class=\"elementor-icon-box-icon\">\n\t\t\t\t<span  class=\"elementor-icon\">\n\t\t\t\t<svg aria-hidden=\"true\" class=\"e-font-icon-svg e-fas-gem\" viewBox=\"0 0 576 512\" xmlns=\"http:\/\/www.w3.org\/2000\/svg\"><path d=\"M485.5 0L576 160H474.9L405.7 0h79.8zm-128 0l69.2 160H149.3L218.5 0h139zm-267 0h79.8l-69.2 160H0L90.5 0zM0 192h100.7l123 251.7c1.5 3.1-2.7 5.9-5 3.3L0 192zm148.2 0h279.6l-137 318.2c-1 2.4-4.5 2.4-5.5 0L148.2 192zm204.1 251.7l123-251.7H576L357.3 446.9c-2.3 2.7-6.5-.1-5-3.2z\"><\/path><\/svg>\t\t\t\t<\/span>\n\t\t\t<\/div>\n\t\t\t\n\t\t\t\t\t\t<div class=\"elementor-icon-box-content\">\n\n\t\t\t\t\t\t\t\t\t<h3 class=\"elementor-icon-box-title\">\n\t\t\t\t\t\t<span  >\n\t\t\t\t\t\t\tM\u00e1xima Calidad\t\t\t\t\t\t<\/span>\n\t\t\t\t\t<\/h3>\n\t\t\t\t\n\t\t\t\t\t\t\t\t\t<p class=\"elementor-icon-box-description\">\n\t\t\t\t\t\tTodas nuestras prendas son resistentes y de la m\u00e1xima calidad.\t\t\t\t\t<\/p>\n\t\t\t\t\n\t\t\t<\/div>\n\t\t\t\n\t\t<\/div>\n\t\t\t\t\t\t<\/div>\n\t\t\t\t<\/div>\n\t\t\t\t<\/div>\n\t\t<div class=\"elementor-element elementor-element-48f47b8 e-con-full e-flex e-con e-child\" data-id=\"48f47b8\" data-element_type=\"container\" data-e-type=\"container\">\n\t\t\t\t<div class=\"elementor-element elementor-element-6a47989 elementor-view-default elementor-position-block-start elementor-mobile-position-block-start elementor-widget elementor-widget-icon-box\" data-id=\"6a47989\" data-element_type=\"widget\" data-e-type=\"widget\" data-widget_type=\"icon-box.default\">\n\t\t\t\t<div class=\"elementor-widget-container\">\n\t\t\t\t\t\t\t<div class=\"elementor-icon-box-wrapper\">\n\n\t\t\t\t\t\t<div class=\"elementor-icon-box-icon\">\n\t\t\t\t<span  class=\"elementor-icon\">\n\t\t\t\t<svg aria-hidden=\"true\" class=\"e-font-icon-svg e-fas-recycle\" viewBox=\"0 0 512 512\" xmlns=\"http:\/\/www.w3.org\/2000\/svg\"><path d=\"M184.561 261.903c3.232 13.997-12.123 24.635-24.068 17.168l-40.736-25.455-50.867 81.402C55.606 356.273 70.96 384 96.012 384H148c6.627 0 12 5.373 12 12v40c0 6.627-5.373 12-12 12H96.115c-75.334 0-121.302-83.048-81.408-146.88l50.822-81.388-40.725-25.448c-12.081-7.547-8.966-25.961 4.879-29.158l110.237-25.45c8.611-1.988 17.201 3.381 19.189 11.99l25.452 110.237zm98.561-182.915l41.289 66.076-40.74 25.457c-12.051 7.528-9 25.953 4.879 29.158l110.237 25.45c8.672 1.999 17.215-3.438 19.189-11.99l25.45-110.237c3.197-13.844-11.99-24.719-24.068-17.168l-40.687 25.424-41.263-66.082c-37.521-60.033-125.209-60.171-162.816 0l-17.963 28.766c-3.51 5.62-1.8 13.021 3.82 16.533l33.919 21.195c5.62 3.512 13.024 1.803 16.536-3.817l17.961-28.743c12.712-20.341 41.973-19.676 54.257-.022zM497.288 301.12l-27.515-44.065c-3.511-5.623-10.916-7.334-16.538-3.821l-33.861 21.159c-5.62 3.512-7.33 10.915-3.818 16.536l27.564 44.112c13.257 21.211-2.057 48.96-27.136 48.96H320V336.02c0-14.213-17.242-21.383-27.313-11.313l-80 79.981c-6.249 6.248-6.249 16.379 0 22.627l80 79.989C302.689 517.308 320 510.3 320 495.989V448h95.88c75.274 0 121.335-82.997 81.408-146.88z\"><\/path><\/svg>\t\t\t\t<\/span>\n\t\t\t<\/div>\n\t\t\t\n\t\t\t\t\t\t<div class=\"elementor-icon-box-content\">\n\n\t\t\t\t\t\t\t\t\t<h3 class=\"elementor-icon-box-title\">\n\t\t\t\t\t\t<span  >\n\t\t\t\t\t\t\tCuidamos el planeta\t\t\t\t\t\t<\/span>\n\t\t\t\t\t<\/h3>\n\t\t\t\t\n\t\t\t\t\t\t\t\t\t<p class=\"elementor-icon-box-description\">\n\t\t\t\t\t\tLos productos siguen nuestra pol\u00edtica de ecolog\u00eda y sostenibilidad\t\t\t\t\t<\/p>\n\t\t\t\t\n\t\t\t<\/div>\n\t\t\t\n\t\t<\/div>\n\t\t\t\t\t\t<\/div>\n\t\t\t\t<\/div>\n\t\t\t\t<\/div>\n\t\t<div class=\"elementor-element elementor-element-d3c3980 e-con-full e-flex e-con e-child\" data-id=\"d3c3980\" data-element_type=\"container\" data-e-type=\"container\">\n\t\t\t\t<div class=\"elementor-element elementor-element-846e4ce elementor-view-default elementor-position-block-start elementor-mobile-position-block-start elementor-widget elementor-widget-icon-box\" data-id=\"846e4ce\" data-element_type=\"widget\" data-e-type=\"widget\" data-widget_type=\"icon-box.default\">\n\t\t\t\t<div class=\"elementor-widget-container\">\n\t\t\t\t\t\t\t<div class=\"elementor-icon-box-wrapper\">\n\n\t\t\t\t\t\t<div class=\"elementor-icon-box-icon\">\n\t\t\t\t<span  class=\"elementor-icon\">\n\t\t\t\t<svg aria-hidden=\"true\" class=\"e-font-icon-svg e-fas-map-marker-alt\" viewBox=\"0 0 384 512\" xmlns=\"http:\/\/www.w3.org\/2000\/svg\"><path d=\"M172.268 501.67C26.97 291.031 0 269.413 0 192 0 85.961 85.961 0 192 0s192 85.961 192 192c0 77.413-26.97 99.031-172.268 309.67-9.535 13.774-29.93 13.773-39.464 0zM192 272c44.183 0 80-35.817 80-80s-35.817-80-80-80-80 35.817-80 80 35.817 80 80 80z\"><\/path><\/svg>\t\t\t\t<\/span>\n\t\t\t<\/div>\n\t\t\t\n\t\t\t\t\t\t<div class=\"elementor-icon-box-content\">\n\n\t\t\t\t\t\t\t\t\t<h3 class=\"elementor-icon-box-title\">\n\t\t\t\t\t\t<span  >\n\t\t\t\t\t\t\tRecogida gratuita\t\t\t\t\t\t<\/span>\n\t\t\t\t\t<\/h3>\n\t\t\t\t\n\t\t\t\t\t\t\t\t\t<p class=\"elementor-icon-box-description\">\n\t\t\t\t\t\tRecoge tus compras sin coste alguno, en uno de nuestros puntos de recogida.\t\t\t\t\t<\/p>\n\t\t\t\t\n\t\t\t<\/div>\n\t\t\t\n\t\t<\/div>\n\t\t\t\t\t\t<\/div>\n\t\t\t\t<\/div>\n\t\t\t\t<\/div>\n\t\t<div class=\"elementor-element elementor-element-bbfb595 e-con-full e-flex e-con e-child\" data-id=\"bbfb595\" data-element_type=\"container\" data-e-type=\"container\">\n\t\t\t\t<div class=\"elementor-element elementor-element-8e2681d elementor-view-default elementor-position-block-start elementor-mobile-position-block-start elementor-widget elementor-widget-icon-box\" data-id=\"8e2681d\" data-element_type=\"widget\" data-e-type=\"widget\" data-widget_type=\"icon-box.default\">\n\t\t\t\t<div class=\"elementor-widget-container\">\n\t\t\t\t\t\t\t<div class=\"elementor-icon-box-wrapper\">\n\n\t\t\t\t\t\t<div class=\"elementor-icon-box-icon\">\n\t\t\t\t<span  class=\"elementor-icon\">\n\t\t\t\t<svg aria-hidden=\"true\" class=\"e-font-icon-svg e-fas-truck\" viewBox=\"0 0 640 512\" xmlns=\"http:\/\/www.w3.org\/2000\/svg\"><path d=\"M624 352h-16V243.9c0-12.7-5.1-24.9-14.1-33.9L494 110.1c-9-9-21.2-14.1-33.9-14.1H416V48c0-26.5-21.5-48-48-48H48C21.5 0 0 21.5 0 48v320c0 26.5 21.5 48 48 48h16c0 53 43 96 96 96s96-43 96-96h128c0 53 43 96 96 96s96-43 96-96h48c8.8 0 16-7.2 16-16v-32c0-8.8-7.2-16-16-16zM160 464c-26.5 0-48-21.5-48-48s21.5-48 48-48 48 21.5 48 48-21.5 48-48 48zm320 0c-26.5 0-48-21.5-48-48s21.5-48 48-48 48 21.5 48 48-21.5 48-48 48zm80-208H416V144h44.1l99.9 99.9V256z\"><\/path><\/svg>\t\t\t\t<\/span>\n\t\t\t<\/div>\n\t\t\t\n\t\t\t\t\t\t<div class=\"elementor-icon-box-content\">\n\n\t\t\t\t\t\t\t\t\t<h3 class=\"elementor-icon-box-title\">\n\t\t\t\t\t\t<span  >\n\t\t\t\t\t\t\tEnv\u00edos a domicilio\t\t\t\t\t\t<\/span>\n\t\t\t\t\t<\/h3>\n\t\t\t\t\n\t\t\t\t\t\t\t\t\t<p class=\"elementor-icon-box-description\">\n\t\t\t\t\t\tSi lo prefieres, \u00a1te enviamos tu pedido, directamente a casa!\t\t\t\t\t<\/p>\n\t\t\t\t\n\t\t\t<\/div>\n\t\t\t\n\t\t<\/div>\n\t\t\t\t\t\t<\/div>\n\t\t\t\t<\/div>\n\t\t\t\t<\/div>\n\t\t\t\t\t<\/div>\n\t\t\t\t<\/div>\n\t\t<div class=\"elementor-element elementor-element-783eb67 e-con-full elementor-hidden-mobile e-grid elementor-hidden-desktop elementor-hidden-tablet e-con e-parent\" data-id=\"783eb67\" data-element_type=\"container\" data-e-type=\"container\" data-settings=\"{&quot;background_background&quot;:&quot;slideshow&quot;,&quot;background_slideshow_gallery&quot;:[{&quot;id&quot;:1684,&quot;url&quot;:&quot;http:\\\/\\\/www.botigablanquerna.com\\\/wp-content\\\/uploads\\\/2025\\\/12\\\/benner-gorra-scaled-1.jpg&quot;},{&quot;id&quot;:1687,&quot;url&quot;:&quot;http:\\\/\\\/www.botigablanquerna.com\\\/wp-content\\\/uploads\\\/2025\\\/12\\\/Botella-scaled-1.jpg&quot;},{&quot;id&quot;:1690,&quot;url&quot;:&quot;http:\\\/\\\/www.botigablanquerna.com\\\/wp-content\\\/uploads\\\/2025\\\/12\\\/banner-graffiti.jpg&quot;},{&quot;id&quot;:1693,&quot;url&quot;:&quot;http:\\\/\\\/www.botigablanquerna.com\\\/wp-content\\\/uploads\\\/2025\\\/12\\\/Marina-y-chico-scaled-1.jpg&quot;}],&quot;background_slideshow_loop&quot;:&quot;yes&quot;,&quot;background_slideshow_slide_duration&quot;:5000,&quot;background_slideshow_slide_transition&quot;:&quot;fade&quot;,&quot;background_slideshow_transition_duration&quot;:500}\">\n\t\t\t\t<\/div>\n\t\t\t\t<\/div>\n\t\t","protected":false},"excerpt":{"rendered":"<p>Ahora un 20% de descuento en todos nuestros productos Novedades Complements Bossa cot\u00f3 reciclat 3,65&nbsp;&euro; T\u00e8xtil Dessuadora granate 36,60&nbsp;&euro; Complements Funda port\u00e0til 19,60&nbsp;&euro; T\u00e8xtil Polo t\u00e8cnic gris 22,50&nbsp;&euro; Complements Motxilla de cordes blanca 3,50&nbsp;&euro; T\u00e8xtil Gorra gris 10,50&nbsp;&euro; Papereria Bloc de notes Polipell A5 3,50&nbsp;&euro; T\u00e8xtil Paravents 28,90&nbsp;&euro; Complements Tassa de cer\u00e0mica 350ml 9,00&nbsp;&euro; T\u00e8xtil [&hellip;]<\/p>\n","protected":false},"author":1,"featured_media":0,"parent":0,"menu_order":0,"comment_status":"closed","ping_status":"closed","template":"","meta":{"ocean_post_layout":"","ocean_both_sidebars_style":"","ocean_both_sidebars_content_width":0,"ocean_both_sidebars_sidebars_width":0,"ocean_sidebar":"","ocean_second_sidebar":"","ocean_disable_margins":"enable","ocean_add_body_class":"","ocean_shortcode_before_top_bar":"","ocean_shortcode_after_top_bar":"","ocean_shortcode_before_header":"","ocean_shortcode_after_header":"","ocean_has_shortcode":"","ocean_shortcode_after_title":"","ocean_shortcode_before_footer_widgets":"","ocean_shortcode_after_footer_widgets":"","ocean_shortcode_before_footer_bottom":"","ocean_shortcode_after_footer_bottom":"","ocean_display_top_bar":"default","ocean_display_header":"default","ocean_header_style":"","ocean_center_header_left_menu":"","ocean_custom_header_template":"","ocean_custom_logo":0,"ocean_custom_retina_logo":0,"ocean_custom_logo_max_width":0,"ocean_custom_logo_tablet_max_width":0,"ocean_custom_logo_mobile_max_width":0,"ocean_custom_logo_max_height":0,"ocean_custom_logo_tablet_max_height":0,"ocean_custom_logo_mobile_max_height":0,"ocean_header_custom_menu":"","ocean_menu_typo_font_family":"","ocean_menu_typo_font_subset":"","ocean_menu_typo_font_size":0,"ocean_menu_typo_font_size_tablet":0,"ocean_menu_typo_font_size_mobile":0,"ocean_menu_typo_font_size_unit":"px","ocean_menu_typo_font_weight":"","ocean_menu_typo_font_weight_tablet":"","ocean_menu_typo_font_weight_mobile":"","ocean_menu_typo_transform":"","ocean_menu_typo_transform_tablet":"","ocean_menu_typo_transform_mobile":"","ocean_menu_typo_line_height":0,"ocean_menu_typo_line_height_tablet":0,"ocean_menu_typo_line_height_mobile":0,"ocean_menu_typo_line_height_unit":"","ocean_menu_typo_spacing":0,"ocean_menu_typo_spacing_tablet":0,"ocean_menu_typo_spacing_mobile":0,"ocean_menu_typo_spacing_unit":"","ocean_menu_link_color":"","ocean_menu_link_color_hover":"","ocean_menu_link_color_active":"","ocean_menu_link_background":"","ocean_menu_link_hover_background":"","ocean_menu_link_active_background":"","ocean_menu_social_links_bg":"","ocean_menu_social_hover_links_bg":"","ocean_menu_social_links_color":"","ocean_menu_social_hover_links_color":"","ocean_disable_title":"default","ocean_disable_heading":"default","ocean_post_title":"","ocean_post_subheading":"","ocean_post_title_style":"","ocean_post_title_background_color":"","ocean_post_title_background":0,"ocean_post_title_bg_image_position":"","ocean_post_title_bg_image_attachment":"","ocean_post_title_bg_image_repeat":"","ocean_post_title_bg_image_size":"","ocean_post_title_height":0,"ocean_post_title_bg_overlay":0.5,"ocean_post_title_bg_overlay_color":"","ocean_disable_breadcrumbs":"default","ocean_breadcrumbs_color":"","ocean_breadcrumbs_separator_color":"","ocean_breadcrumbs_links_color":"","ocean_breadcrumbs_links_hover_color":"","ocean_display_footer_widgets":"default","ocean_display_footer_bottom":"default","ocean_custom_footer_template":"","footnotes":""},"class_list":["post-705","page","type-page","status-publish","hentry","entry","has-media","owp-thumbs-layout-horizontal","owp-btn-normal","owp-tabs-layout-horizontal"],"_links":{"self":[{"href":"https:\/\/www.botigablanquerna.com\/es\/wp-json\/wp\/v2\/pages\/705","targetHints":{"allow":["GET"]}}],"collection":[{"href":"https:\/\/www.botigablanquerna.com\/es\/wp-json\/wp\/v2\/pages"}],"about":[{"href":"https:\/\/www.botigablanquerna.com\/es\/wp-json\/wp\/v2\/types\/page"}],"author":[{"embeddable":true,"href":"https:\/\/www.botigablanquerna.com\/es\/wp-json\/wp\/v2\/users\/1"}],"replies":[{"embeddable":true,"href":"https:\/\/www.botigablanquerna.com\/es\/wp-json\/wp\/v2\/comments?post=705"}],"version-history":[{"count":66,"href":"https:\/\/www.botigablanquerna.com\/es\/wp-json\/wp\/v2\/pages\/705\/revisions"}],"predecessor-version":[{"id":1739,"href":"https:\/\/www.botigablanquerna.com\/es\/wp-json\/wp\/v2\/pages\/705\/revisions\/1739"}],"wp:attachment":[{"href":"https:\/\/www.botigablanquerna.com\/es\/wp-json\/wp\/v2\/media?parent=705"}],"curies":[{"name":"wp","href":"https:\/\/api.w.org\/{rel}","templated":true}]}}